{"id":3478,"date":"2025-09-28T22:47:57","date_gmt":"2025-09-28T20:47:57","guid":{"rendered":"https:\/\/arka-swsiemp.pl\/?page_id=3478"},"modified":"2025-11-11T20:08:42","modified_gmt":"2025-11-11T19:08:42","slug":"oboz-zimowy-puck-2026","status":"publish","type":"page","link":"https:\/\/arka-swsiemp.pl\/index.php\/oboz-zimowy-puck-2026\/","title":{"rendered":"Ob\u00f3z zimowy PUCK 2026"},"content":{"rendered":"\t\t<div data-elementor-type=\"wp-page\" data-elementor-id=\"3478\" class=\"elementor elementor-3478\">\n\t\t\t\t\t\t<section class=\"elementor-section elementor-top-section elementor-element elementor-element-4340f1de elementor-section-boxed elementor-section-height-default elementor-section-height-default\" data-id=\"4340f1de\" data-element_type=\"section\" data-e-type=\"section\" data-settings=\"{&quot;background_background&quot;:&quot;classic&quot;}\">\n\t\t\t\t\t\t<div class=\"elementor-container elementor-column-gap-no\">\n\t\t\t\t\t<div class=\"elementor-column elementor-col-100 elementor-top-column elementor-element elementor-element-3bbacd7e\" data-id=\"3bbacd7e\" data-element_type=\"column\" data-e-type=\"column\">\n\t\t\t<div class=\"elementor-widget-wrap elementor-element-populated\">\n\t\t\t\t\t\t<section class=\"elementor-section elementor-inner-section elementor-element elementor-element-2205effd elementor-section-boxed elementor-section-height-default elementor-section-height-default elementor-invisible\" data-id=\"2205effd\" data-element_type=\"section\" data-e-type=\"section\" data-settings=\"{&quot;animation&quot;:&quot;fadeInUp&quot;}\">\n\t\t\t\t\t\t<div class=\"elementor-container elementor-column-gap-no\">\n\t\t\t\t\t<div class=\"elementor-column elementor-col-100 elementor-inner-column elementor-element elementor-element-4f2a4b6f\" data-id=\"4f2a4b6f\" data-element_type=\"column\" data-e-type=\"column\">\n\t\t\t<div class=\"elementor-widget-wrap elementor-element-populated\">\n\t\t\t\t\t\t<div class=\"elementor-element elementor-element-686375d7 elementor-widget elementor-widget-heading\" data-id=\"686375d7\" data-element_type=\"widget\" data-e-type=\"widget\" data-widget_type=\"heading.default\">\n\t\t\t\t<div class=\"elementor-widget-container\">\n\t\t\t\t\t<h2 class=\"elementor-heading-title elementor-size-default\">OB\u00d3Z ZIMOWY<br>\n <b>PUCK 2026<\/b><\/h2>\t\t\t\t<\/div>\n\t\t\t\t<\/div>\n\t\t\t\t<div class=\"elementor-element elementor-element-6dd6e67 elementor-widget elementor-widget-heading\" data-id=\"6dd6e67\" data-element_type=\"widget\" data-e-type=\"widget\" data-widget_type=\"heading.default\">\n\t\t\t\t<div class=\"elementor-widget-container\">\n\t\t\t\t\t<h2 class=\"elementor-heading-title elementor-size-default\">18.01 - 24.01.2026 (7dni)<\/h2>\t\t\t\t<\/div>\n\t\t\t\t<\/div>\n\t\t\t\t\t<\/div>\n\t\t<\/div>\n\t\t\t\t\t<\/div>\n\t\t<\/section>\n\t\t\t\t<div class=\"elementor-element elementor-element-49dcb30 elementor-hidden-desktop elementor-hidden-tablet elementor-hidden-mobile elementor-widget elementor-widget-heading\" data-id=\"49dcb30\" data-element_type=\"widget\" data-e-type=\"widget\" data-widget_type=\"heading.default\">\n\t\t\t\t<div class=\"elementor-widget-container\">\n\t\t\t\t\t<h2 class=\"elementor-heading-title elementor-size-default\">dokumty do pobrania<\/h2>\t\t\t\t<\/div>\n\t\t\t\t<\/div>\n\t\t\t\t<section class=\"elementor-section elementor-inner-section elementor-element elementor-element-13a59333 elementor-hidden-desktop elementor-hidden-tablet elementor-hidden-mobile elementor-section-boxed elementor-section-height-default elementor-section-height-default\" data-id=\"13a59333\" data-element_type=\"section\" data-e-type=\"section\">\n\t\t\t\t\t\t<div class=\"elementor-container elementor-column-gap-extended\">\n\t\t\t\t\t<div class=\"elementor-column elementor-col-100 elementor-inner-column elementor-element elementor-element-30def29d\" data-id=\"30def29d\" data-element_type=\"column\" data-e-type=\"column\" data-settings=\"{&quot;background_background&quot;:&quot;classic&quot;}\">\n\t\t\t<div class=\"elementor-widget-wrap elementor-element-populated\">\n\t\t\t\t\t\t<div class=\"elementor-element elementor-element-464a8a1 elementor-align-center elementor-widget elementor-widget-button\" data-id=\"464a8a1\" data-element_type=\"widget\" data-e-type=\"widget\" data-widget_type=\"button.default\">\n\t\t\t\t<div class=\"elementor-widget-container\">\n\t\t\t\t\t\t\t\t\t<div class=\"elementor-button-wrapper\">\n\t\t\t\t\t<a class=\"elementor-button elementor-button-link elementor-size-sm\" href=\"https:\/\/arka-swsiemp.pl\/wp-content\/uploads\/2024\/10\/1.-UMOWA-O-USLUGI-ORGANIZACJI-OBOZU-SPORTOWEGO.docx\">\n\t\t\t\t\t\t<span class=\"elementor-button-content-wrapper\">\n\t\t\t\t\t\t\t\t\t<span class=\"elementor-button-text\">1. UMOWA O US\u0141UGI ORGANIZACJI OBOZU SPORTOWEGO<\/span>\n\t\t\t\t\t<\/span>\n\t\t\t\t\t<\/a>\n\t\t\t\t<\/div>\n\t\t\t\t\t\t\t\t<\/div>\n\t\t\t\t<\/div>\n\t\t\t\t<div class=\"elementor-element elementor-element-8e337de elementor-align-center elementor-widget elementor-widget-button\" data-id=\"8e337de\" data-element_type=\"widget\" data-e-type=\"widget\" data-widget_type=\"button.default\">\n\t\t\t\t<div class=\"elementor-widget-container\">\n\t\t\t\t\t\t\t\t\t<div class=\"elementor-button-wrapper\">\n\t\t\t\t\t<a class=\"elementor-button elementor-button-link elementor-size-sm\" href=\"https:\/\/arka-swsiemp.pl\/wp-content\/uploads\/2024\/10\/2.-KARTA-KWALIFIKACYJNA-UCZESTNIKA-WYPOCZYNKU.docx\">\n\t\t\t\t\t\t<span class=\"elementor-button-content-wrapper\">\n\t\t\t\t\t\t\t\t\t<span class=\"elementor-button-text\">2. KARTA KWALIFIKACYJNA UCZESTNIKA WYPOCZYNKU<\/span>\n\t\t\t\t\t<\/span>\n\t\t\t\t\t<\/a>\n\t\t\t\t<\/div>\n\t\t\t\t\t\t\t\t<\/div>\n\t\t\t\t<\/div>\n\t\t\t\t<div class=\"elementor-element elementor-element-b1122a9 elementor-align-center elementor-widget elementor-widget-button\" data-id=\"b1122a9\" data-element_type=\"widget\" data-e-type=\"widget\" data-widget_type=\"button.default\">\n\t\t\t\t<div class=\"elementor-widget-container\">\n\t\t\t\t\t\t\t\t\t<div class=\"elementor-button-wrapper\">\n\t\t\t\t\t<a class=\"elementor-button elementor-button-link elementor-size-sm\" href=\"https:\/\/arka-swsiemp.pl\/wp-content\/uploads\/2024\/10\/3.-REGULAMIN-OBOZU-ZIMOWEGO-SWSiEMP-ARKA-Gdynia.docx\">\n\t\t\t\t\t\t<span class=\"elementor-button-content-wrapper\">\n\t\t\t\t\t\t\t\t\t<span class=\"elementor-button-text\">3. REGULAMIN OBOZU ZIMOWEGO SWSiEMP ARKA Gdynia<\/span>\n\t\t\t\t\t<\/span>\n\t\t\t\t\t<\/a>\n\t\t\t\t<\/div>\n\t\t\t\t\t\t\t\t<\/div>\n\t\t\t\t<\/div>\n\t\t\t\t<div class=\"elementor-element elementor-element-599945c elementor-align-center elementor-widget elementor-widget-button\" data-id=\"599945c\" data-element_type=\"widget\" data-e-type=\"widget\" data-widget_type=\"button.default\">\n\t\t\t\t<div class=\"elementor-widget-container\">\n\t\t\t\t\t\t\t\t\t<div class=\"elementor-button-wrapper\">\n\t\t\t\t\t<a class=\"elementor-button elementor-button-link elementor-size-sm\" href=\"https:\/\/arka-swsiemp.pl\/wp-content\/uploads\/2024\/10\/4.-OSWIADCZENIE-RODZICA-o-stanie-zdrowia.docx\">\n\t\t\t\t\t\t<span class=\"elementor-button-content-wrapper\">\n\t\t\t\t\t\t\t\t\t<span class=\"elementor-button-text\">4. O\u015aWIADCZENIE RODZICA o stanie zdrowia<\/span>\n\t\t\t\t\t<\/span>\n\t\t\t\t\t<\/a>\n\t\t\t\t<\/div>\n\t\t\t\t\t\t\t\t<\/div>\n\t\t\t\t<\/div>\n\t\t\t\t\t<\/div>\n\t\t<\/div>\n\t\t\t\t\t<\/div>\n\t\t<\/section>\n\t\t\t\t\t<\/div>\n\t\t<\/div>\n\t\t\t\t\t<\/div>\n\t\t<\/section>\n\t\t\t\t<section class=\"elementor-section elementor-top-section elementor-element elementor-element-5c7a1c82 elementor-section-content-middle elementor-section-boxed elementor-section-height-default elementor-section-height-default\" data-id=\"5c7a1c82\" data-element_type=\"section\" data-e-type=\"section\">\n\t\t\t\t\t\t<div class=\"elementor-container elementor-column-gap-no\">\n\t\t\t\t\t<div class=\"elementor-column elementor-col-50 elementor-top-column elementor-element elementor-element-55c0e33\" data-id=\"55c0e33\" data-element_type=\"column\" data-e-type=\"column\">\n\t\t\t<div class=\"elementor-widget-wrap elementor-element-populated\">\n\t\t\t\t\t\t<div class=\"elementor-element elementor-element-24acbb57 elementor-widget elementor-widget-image\" data-id=\"24acbb57\" data-element_type=\"widget\" data-e-type=\"widget\" data-widget_type=\"image.default\">\n\t\t\t\t<div class=\"elementor-widget-container\">\n\t\t\t\t\t\t\t\t\t\t\t\t\t\t\t<img fetchpriority=\"high\" decoding=\"async\" width=\"1600\" height=\"1200\" src=\"https:\/\/arka-swsiemp.pl\/wp-content\/uploads\/2025\/09\/484364601_659014323316363_6191774282354079330_n.jpg\" class=\"attachment-full size-full wp-image-3481\" alt=\"\" srcset=\"https:\/\/arka-swsiemp.pl\/wp-content\/uploads\/2025\/09\/484364601_659014323316363_6191774282354079330_n.jpg 1600w, https:\/\/arka-swsiemp.pl\/wp-content\/uploads\/2025\/09\/484364601_659014323316363_6191774282354079330_n-300x225.jpg 300w, https:\/\/arka-swsiemp.pl\/wp-content\/uploads\/2025\/09\/484364601_659014323316363_6191774282354079330_n-1024x768.jpg 1024w, https:\/\/arka-swsiemp.pl\/wp-content\/uploads\/2025\/09\/484364601_659014323316363_6191774282354079330_n-768x576.jpg 768w, https:\/\/arka-swsiemp.pl\/wp-content\/uploads\/2025\/09\/484364601_659014323316363_6191774282354079330_n-1536x1152.jpg 1536w\" sizes=\"100vw\" \/>\t\t\t\t\t\t\t\t\t\t\t\t\t\t\t<\/div>\n\t\t\t\t<\/div>\n\t\t\t\t\t<\/div>\n\t\t<\/div>\n\t\t\t\t<div class=\"elementor-column elementor-col-50 elementor-top-column elementor-element elementor-element-7800bb8d\" data-id=\"7800bb8d\" data-element_type=\"column\" data-e-type=\"column\">\n\t\t\t<div class=\"elementor-widget-wrap elementor-element-populated\">\n\t\t\t\t\t\t<div class=\"elementor-element elementor-element-662e2626 elementor-widget elementor-widget-heading\" data-id=\"662e2626\" data-element_type=\"widget\" data-e-type=\"widget\" data-widget_type=\"heading.default\">\n\t\t\t\t<div class=\"elementor-widget-container\">\n\t\t\t\t\t<h4 class=\"elementor-heading-title elementor-size-default\">Zapraszamy na ob\u00f3z zimowy<\/h4>\t\t\t\t<\/div>\n\t\t\t\t<\/div>\n\t\t\t\t<div class=\"elementor-element elementor-element-92b0bfb elementor-widget elementor-widget-text-editor\" data-id=\"92b0bfb\" data-element_type=\"widget\" data-e-type=\"widget\" data-widget_type=\"text-editor.default\">\n\t\t\t\t<div class=\"elementor-widget-container\">\n\t\t\t\t\t\t\t\t\t<p>W ferie zimowe 2026 zabierzemy naszych m\u0142odych zawodnik\u00f3w na ob\u00f3z sportowy!<br \/>Po raz drugi nasz\u0105 baz\u0105 b\u0119dzie go\u015bcinne miasto Puck. Tradycyjnie czeka na Was mn\u00f3stwo zabawy i aktywno\u015bci no i du\u017co, du\u017co, du\u017co \u2026\u2026 pi\u0142ki no\u017cnej.<\/p><p>Zapewniamy, \u017ce atmosfera podczas pobytu jest wyj\u0105tkowa. Gwarantujemy wiele wspania\u0142ych wspomnie\u0144. Gor\u0105co zach\u0119camy m\u0142odych pi\u0142karzy do udzia\u0142u w obozie, gdy\u017c jest to czas po pierwsze do wyt\u0119\u017conej pracy treningowej, ale tak\u017ce jest to doskona\u0142a okazja, aby zawi\u0105za\u0107 przyja\u017anie na lata!\u00a0<\/p>\t\t\t\t\t\t\t\t<\/div>\n\t\t\t\t<\/div>\n\t\t\t\t\t<\/div>\n\t\t<\/div>\n\t\t\t\t\t<\/div>\n\t\t<\/section>\n\t\t\t\t<section class=\"elementor-section elementor-top-section elementor-element elementor-element-2775a068 elementor-section-content-middle elementor-section-boxed elementor-section-height-default elementor-section-height-default\" data-id=\"2775a068\" data-element_type=\"section\" data-e-type=\"section\" data-settings=\"{&quot;background_background&quot;:&quot;classic&quot;}\">\n\t\t\t\t\t\t\t<div class=\"elementor-background-overlay\"><\/div>\n\t\t\t\t\t\t\t<div class=\"elementor-container elementor-column-gap-no\">\n\t\t\t\t\t<div class=\"elementor-column elementor-col-100 elementor-top-column elementor-element elementor-element-268f880d\" data-id=\"268f880d\" data-element_type=\"column\" data-e-type=\"column\">\n\t\t\t<div class=\"elementor-widget-wrap elementor-element-populated\">\n\t\t\t\t\t\t<div class=\"elementor-element elementor-element-54ca777 elementor-widget elementor-widget-heading\" data-id=\"54ca777\" data-element_type=\"widget\" data-e-type=\"widget\" data-widget_type=\"heading.default\">\n\t\t\t\t<div class=\"elementor-widget-container\">\n\t\t\t\t\t<h4 class=\"elementor-heading-title elementor-size-default\">Kto mo\u017ce jecha\u0107?<\/h4>\t\t\t\t<\/div>\n\t\t\t\t<\/div>\n\t\t\t\t\t<\/div>\n\t\t<\/div>\n\t\t\t\t\t<\/div>\n\t\t<\/section>\n\t\t\t\t<section class=\"elementor-section elementor-top-section elementor-element elementor-element-43561ed3 elementor-section-content-middle elementor-section-boxed elementor-section-height-default elementor-section-height-default\" data-id=\"43561ed3\" data-element_type=\"section\" data-e-type=\"section\">\n\t\t\t\t\t\t<div class=\"elementor-container elementor-column-gap-no\">\n\t\t\t\t\t<div class=\"elementor-column elementor-col-100 elementor-top-column elementor-element elementor-element-4e85db61\" data-id=\"4e85db61\" data-element_type=\"column\" data-e-type=\"column\">\n\t\t\t<div class=\"elementor-widget-wrap elementor-element-populated\">\n\t\t\t\t\t\t<div class=\"elementor-element elementor-element-5c78e123 elementor-widget elementor-widget-text-editor\" data-id=\"5c78e123\" data-element_type=\"widget\" data-e-type=\"widget\" data-widget_type=\"text-editor.default\">\n\t\t\t\t<div class=\"elementor-widget-container\">\n\t\t\t\t\t\t\t\t\t<p>Aby ka\u017cdy uczestnik naszego wyjazdu czu\u0142 si\u0119 komfortowo i funkcjonowa\u0142 w ramach grupy r\u00f3wie\u015bnik\u00f3w, podzieleni jeste\u015bmy na osobne grupy wiekowe:<\/p><p><strong>7 &#8211; 8 lat<\/strong><\/p><p><strong>9 &#8211; 10 lat<\/strong><\/p><p><strong>11 &#8211; 12 lat<\/strong><\/p>\t\t\t\t\t\t\t\t<\/div>\n\t\t\t\t<\/div>\n\t\t\t\t\t<\/div>\n\t\t<\/div>\n\t\t\t\t\t<\/div>\n\t\t<\/section>\n\t\t\t\t<section class=\"elementor-section elementor-top-section elementor-element elementor-element-55495604 elementor-section-full_width elementor-section-content-middle elementor-section-height-default elementor-section-height-default\" data-id=\"55495604\" data-element_type=\"section\" data-e-type=\"section\">\n\t\t\t\t\t\t<div class=\"elementor-container elementor-column-gap-no\">\n\t\t\t\t\t<div class=\"elementor-column elementor-col-50 elementor-top-column elementor-element elementor-element-720b11b2\" data-id=\"720b11b2\" data-element_type=\"column\" data-e-type=\"column\" data-settings=\"{&quot;background_background&quot;:&quot;classic&quot;}\">\n\t\t\t<div class=\"elementor-widget-wrap elementor-element-populated\">\n\t\t\t\t\t<div class=\"elementor-background-overlay\"><\/div>\n\t\t\t\t\t\t<div class=\"elementor-element elementor-element-4f0f215a elementor-widget elementor-widget-heading\" data-id=\"4f0f215a\" data-element_type=\"widget\" data-e-type=\"widget\" data-widget_type=\"heading.default\">\n\t\t\t\t<div class=\"elementor-widget-container\">\n\t\t\t\t\t<h4 class=\"elementor-heading-title elementor-size-default\">Co nas czeka?<\/h4>\t\t\t\t<\/div>\n\t\t\t\t<\/div>\n\t\t\t\t\t<\/div>\n\t\t<\/div>\n\t\t\t\t<div class=\"elementor-column elementor-col-50 elementor-top-column elementor-element elementor-element-18da57df\" data-id=\"18da57df\" data-element_type=\"column\" data-e-type=\"column\">\n\t\t\t<div class=\"elementor-widget-wrap elementor-element-populated\">\n\t\t\t\t\t\t<div class=\"elementor-element elementor-element-171e5031 elementor-widget elementor-widget-text-editor\" data-id=\"171e5031\" data-element_type=\"widget\" data-e-type=\"widget\" data-widget_type=\"text-editor.default\">\n\t\t\t\t<div class=\"elementor-widget-container\">\n\t\t\t\t\t\t\t\t\t<p>Ca\u0142a formu\u0142a obozu odbywa si\u0119 wed\u0142ug autorskiego <br \/>programu SWSiEMP Arki Gdynia. <strong>Co gwarantujemy?<\/strong><\/p>\t\t\t\t\t\t\t\t<\/div>\n\t\t\t\t<\/div>\n\t\t\t\t<div class=\"elementor-element elementor-element-325f5ea elementor-widget elementor-widget-text-editor\" data-id=\"325f5ea\" data-element_type=\"widget\" data-e-type=\"widget\" data-widget_type=\"text-editor.default\">\n\t\t\t\t<div class=\"elementor-widget-container\">\n\t\t\t\t\t\t\t\t\t<ul><li>codziennie treningi pi\u0142karskie (po\u0142\u0105czone z elementami koordynacji ruchowej, sprawno\u015bci og\u00f3lnej, lekkiej atletyki, gimnastyki, i wielu innych dyscyplin)<\/li><li>turnieje i konkursy pi\u0142karskie<\/li><li>konkursy i zawody indywidualne oraz zespo\u0142owe o miano najlepszego zawodnika obozu<\/li><li>sporty uzupe\u0142niaj\u0105ce (koszyk\u00f3wka, siatk\u00f3wka, gry i zabawy ruchowe i wiele innych&#8230;)<\/li><li>\u015bwietlica ze sprz\u0119tem, si\u0142ownia,\u00a0<\/li><\/ul>\t\t\t\t\t\t\t\t<\/div>\n\t\t\t\t<\/div>\n\t\t\t\t<div class=\"elementor-element elementor-element-356d33d5 elementor-widget elementor-widget-text-editor\" data-id=\"356d33d5\" data-element_type=\"widget\" data-e-type=\"widget\" data-widget_type=\"text-editor.default\">\n\t\t\t\t<div class=\"elementor-widget-container\">\n\t\t\t\t\t\t\t\t\t<p><strong><em>Zakwaterowanie:<\/em><\/strong><\/p><p>Nasz\u0105 baz\u0105 b\u0119dzie o\u015brodek zlokalizowany w miejscowo\u015bci Puck, zaledwie kilka minut od morza. Do dyspozycji zawodnik\u00f3w b\u0119d\u0105 pokoje 2,3 lub 4 osobowe.\u00a0<\/p><ul><li>Gwarantujemy bardzo smaczne posi\u0142ki ( \u015bniadanie, obiad + deser, kolacja)<\/li><li>Do naszej dyspozycji b\u0119d\u0105: hala sportowa, boisko ze sztuczna nawierzchni\u0105, si\u0142ownia, kr\u0119gielnia, basen<\/li><\/ul>\t\t\t\t\t\t\t\t<\/div>\n\t\t\t\t<\/div>\n\t\t\t\t\t<\/div>\n\t\t<\/div>\n\t\t\t\t\t<\/div>\n\t\t<\/section>\n\t\t\t\t<section class=\"elementor-section elementor-top-section elementor-element elementor-element-49fc21f0 elementor-section-content-middle elementor-section-boxed elementor-section-height-default elementor-section-height-default\" data-id=\"49fc21f0\" data-element_type=\"section\" data-e-type=\"section\">\n\t\t\t\t\t\t<div class=\"elementor-container elementor-column-gap-custom\">\n\t\t\t\t\t<div class=\"elementor-column elementor-col-33 elementor-top-column elementor-element elementor-element-5c7b2b81\" data-id=\"5c7b2b81\" data-element_type=\"column\" data-e-type=\"column\">\n\t\t\t<div class=\"elementor-widget-wrap elementor-element-populated\">\n\t\t\t\t\t\t<div class=\"elementor-element elementor-element-154a819c elementor-widget elementor-widget-image\" data-id=\"154a819c\" data-element_type=\"widget\" data-e-type=\"widget\" data-widget_type=\"image.default\">\n\t\t\t\t<div class=\"elementor-widget-container\">\n\t\t\t\t\t\t\t\t\t\t\t\t\t\t\t<img decoding=\"async\" width=\"1200\" height=\"1600\" src=\"https:\/\/arka-swsiemp.pl\/wp-content\/uploads\/2025\/09\/485684461_660408163176979_2643669154460482720_n.jpg\" class=\"attachment-full size-full wp-image-3485\" alt=\"\" srcset=\"https:\/\/arka-swsiemp.pl\/wp-content\/uploads\/2025\/09\/485684461_660408163176979_2643669154460482720_n.jpg 1200w, https:\/\/arka-swsiemp.pl\/wp-content\/uploads\/2025\/09\/485684461_660408163176979_2643669154460482720_n-225x300.jpg 225w, https:\/\/arka-swsiemp.pl\/wp-content\/uploads\/2025\/09\/485684461_660408163176979_2643669154460482720_n-768x1024.jpg 768w, https:\/\/arka-swsiemp.pl\/wp-content\/uploads\/2025\/09\/485684461_660408163176979_2643669154460482720_n-1152x1536.jpg 1152w\" sizes=\"100vw\" \/>\t\t\t\t\t\t\t\t\t\t\t\t\t\t\t<\/div>\n\t\t\t\t<\/div>\n\t\t\t\t\t<\/div>\n\t\t<\/div>\n\t\t\t\t<div class=\"elementor-column elementor-col-33 elementor-top-column elementor-element elementor-element-b07d588\" data-id=\"b07d588\" data-element_type=\"column\" data-e-type=\"column\">\n\t\t\t<div class=\"elementor-widget-wrap elementor-element-populated\">\n\t\t\t\t\t\t<div class=\"elementor-element elementor-element-5043067 elementor-widget elementor-widget-image\" data-id=\"5043067\" data-element_type=\"widget\" data-e-type=\"widget\" data-widget_type=\"image.default\">\n\t\t\t\t<div class=\"elementor-widget-container\">\n\t\t\t\t\t\t\t\t\t\t\t\t\t\t\t<img decoding=\"async\" width=\"525\" height=\"394\" src=\"https:\/\/arka-swsiemp.pl\/wp-content\/uploads\/2025\/09\/484626535_660407523177043_1699101284222381471_n-1024x768.jpg\" class=\"attachment-large size-large wp-image-3486\" alt=\"\" srcset=\"https:\/\/arka-swsiemp.pl\/wp-content\/uploads\/2025\/09\/484626535_660407523177043_1699101284222381471_n-1024x768.jpg 1024w, https:\/\/arka-swsiemp.pl\/wp-content\/uploads\/2025\/09\/484626535_660407523177043_1699101284222381471_n-300x225.jpg 300w, https:\/\/arka-swsiemp.pl\/wp-content\/uploads\/2025\/09\/484626535_660407523177043_1699101284222381471_n-768x576.jpg 768w, https:\/\/arka-swsiemp.pl\/wp-content\/uploads\/2025\/09\/484626535_660407523177043_1699101284222381471_n-1536x1152.jpg 1536w, https:\/\/arka-swsiemp.pl\/wp-content\/uploads\/2025\/09\/484626535_660407523177043_1699101284222381471_n.jpg 1600w\" sizes=\"100vw\" \/>\t\t\t\t\t\t\t\t\t\t\t\t\t\t\t<\/div>\n\t\t\t\t<\/div>\n\t\t\t\t\t<\/div>\n\t\t<\/div>\n\t\t\t\t<div class=\"elementor-column elementor-col-33 elementor-top-column elementor-element elementor-element-2812148d\" data-id=\"2812148d\" data-element_type=\"column\" data-e-type=\"column\">\n\t\t\t<div class=\"elementor-widget-wrap elementor-element-populated\">\n\t\t\t\t\t\t<div class=\"elementor-element elementor-element-123435a5 elementor-widget elementor-widget-heading\" data-id=\"123435a5\" data-element_type=\"widget\" data-e-type=\"widget\" data-widget_type=\"heading.default\">\n\t\t\t\t<div class=\"elementor-widget-container\">\n\t\t\t\t\t<h4 class=\"elementor-heading-title elementor-size-default\">Kadra<\/h4>\t\t\t\t<\/div>\n\t\t\t\t<\/div>\n\t\t\t\t<div class=\"elementor-element elementor-element-62411479 elementor-widget elementor-widget-text-editor\" data-id=\"62411479\" data-element_type=\"widget\" data-e-type=\"widget\" data-widget_type=\"text-editor.default\">\n\t\t\t\t<div class=\"elementor-widget-container\">\n\t\t\t\t\t\t\t\t\t<p>Ogromnym atutem podczas obozu jest fakt, i\u017c kadra trenerska, kt\u00f3ra b\u0119dzie opiekowa\u0107 si\u0119 dzie\u0107mi, to licencjonowani trenerzy na co dzie\u0144 pracuj\u0105cy z zawodnikami w naszym klubie. Maj\u0105cy odpowiednie kwalifikacje oraz do\u015bwiadczenie w pracy z dzie\u0107mi i m\u0142odzie\u017c\u0105, ponadto znaj\u0105cy doskonale potrzeby i zami\u0142owania m\u0142odych obozowicz\u00f3w. Nasza kadra z pewno\u015bci\u0105 sprawi, i\u017c adaptacja dzieci do nowych warunk\u00f3w b\u0119dzie b\u0142yskawiczna.<\/p>\t\t\t\t\t\t\t\t<\/div>\n\t\t\t\t<\/div>\n\t\t\t\t\t<\/div>\n\t\t<\/div>\n\t\t\t\t\t<\/div>\n\t\t<\/section>\n\t\t\t\t<section class=\"elementor-section elementor-top-section elementor-element elementor-element-59efc0ff elementor-section-content-middle elementor-section-boxed elementor-section-height-default elementor-section-height-default\" data-id=\"59efc0ff\" data-element_type=\"section\" data-e-type=\"section\">\n\t\t\t\t\t\t<div class=\"elementor-container elementor-column-gap-no\">\n\t\t\t\t\t<div class=\"elementor-column elementor-col-50 elementor-top-column elementor-element elementor-element-7b772d15\" data-id=\"7b772d15\" data-element_type=\"column\" data-e-type=\"column\">\n\t\t\t<div class=\"elementor-widget-wrap elementor-element-populated\">\n\t\t\t\t\t\t<div class=\"elementor-element elementor-element-4e1771f2 elementor-widget-divider--view-line elementor-widget elementor-widget-divider\" data-id=\"4e1771f2\" data-element_type=\"widget\" data-e-type=\"widget\" data-widget_type=\"divider.default\">\n\t\t\t\t<div class=\"elementor-widget-container\">\n\t\t\t\t\t\t\t<div class=\"elementor-divider\">\n\t\t\t<span class=\"elementor-divider-separator\">\n\t\t\t\t\t\t<\/span>\n\t\t<\/div>\n\t\t\t\t\t\t<\/div>\n\t\t\t\t<\/div>\n\t\t\t\t<div class=\"elementor-element elementor-element-5feb5e47 elementor-widget elementor-widget-heading\" data-id=\"5feb5e47\" data-element_type=\"widget\" data-e-type=\"widget\" data-widget_type=\"heading.default\">\n\t\t\t\t<div class=\"elementor-widget-container\">\n\t\t\t\t\t<h4 class=\"elementor-heading-title elementor-size-default\">TERMIN<\/h4>\t\t\t\t<\/div>\n\t\t\t\t<\/div>\n\t\t\t\t<div class=\"elementor-element elementor-element-aa6a3c5 elementor-widget elementor-widget-heading\" data-id=\"aa6a3c5\" data-element_type=\"widget\" data-e-type=\"widget\" data-widget_type=\"heading.default\">\n\t\t\t\t<div class=\"elementor-widget-container\">\n\t\t\t\t\t<h4 class=\"elementor-heading-title elementor-size-default\">P\u0141ATNO\u015a\u0106<\/h4>\t\t\t\t<\/div>\n\t\t\t\t<\/div>\n\t\t\t\t<div class=\"elementor-element elementor-element-578cfb6e eael-infobox-content-align--center eael-infobox-icon-bg-shape-none eael-infobox-icon-hover-bg-shape-none elementor-invisible elementor-widget elementor-widget-eael-info-box\" data-id=\"578cfb6e\" data-element_type=\"widget\" data-e-type=\"widget\" data-settings=\"{&quot;_animation&quot;:&quot;zoomIn&quot;}\" data-widget_type=\"eael-info-box.default\">\n\t\t\t\t<div class=\"elementor-widget-container\">\n\t\t\t\t\t        <div class=\"eael-infobox icon-on-top\">\n\t            <div class=\"infobox-icon eael-icon-only\">\n\n            \n                            <div class=\"infobox-icon-wrap\">\n                                    <\/div>\n            \n            \n        <\/div>\n            <div class=\"infobox-content eael-icon-only\">\n        <div><p>\u00a0<\/p><p>\u00a0<\/p><p>Wszystkie deklaracje uczestnictwa w obozie oraz pytania dotycz\u0105ce obozu prosz\u0119 kierowa\u0107 do trenera \u2013 koordynatora:<\/p><p><strong>Pawe\u0142 Dziubi\u0144ski 518-903-507<\/strong><\/p><p><strong>Zapraszamy \ud83d\ude42<\/strong><\/p><\/div>        <\/div>\n            <\/div>\n\n\t\t\t\t\t\t<\/div>\n\t\t\t\t<\/div>\n\t\t\t\t\t<\/div>\n\t\t<\/div>\n\t\t\t\t<div class=\"elementor-column elementor-col-50 elementor-top-column elementor-element elementor-element-1bade4cd\" data-id=\"1bade4cd\" data-element_type=\"column\" data-e-type=\"column\">\n\t\t\t<div class=\"elementor-widget-wrap elementor-element-populated\">\n\t\t\t\t\t\t<div class=\"elementor-element elementor-element-1ce8093 elementor-widget elementor-widget-text-editor\" data-id=\"1ce8093\" data-element_type=\"widget\" data-e-type=\"widget\" data-widget_type=\"text-editor.default\">\n\t\t\t\t<div class=\"elementor-widget-container\">\n\t\t\t\t\t\t\t\t\t<p><strong>Termin: 18.01 \u2013 24.01.2026 ( 7 dni)<\/strong><\/p><p><strong>Koszt: 2200 z\u0142<\/strong><\/p><p>P\u0142atne\u00a0<strong>w ca\u0142o\u015bci\u00a0<\/strong>lub\u00a0<strong>ratalnie (<\/strong>wg. poni\u017cszego harmonogramu):<\/p><p><strong>P\u0142atno\u015b\u0107 w III ratach:<\/strong><\/p><p>750 z\u0142 -wp\u0142ata rezerwacyjna (gwarantuje rezerwacj\u0119 miejsca) &#8211; p\u0142atne do 31 pa\u017adziernika<\/p><p>II rata: 750z\u0142 \u2013 p\u0142atne najp\u00f3\u017aniej do 30 listopada 2025<\/p><p>III rata: 700z\u0142 \u2013 p\u0142atne najp\u00f3\u017aniej do 31 grudnia 2025<\/p><p>O kwalifikacji do poszczeg\u00f3lnych grup decyduje kolejno\u015b\u0107 zg\u0142osze\u0144.<\/p><p><strong>Nr konta:\u00a0<\/strong><strong>Bank BNP Paribas 14 2030 0045 1110 0000 0411 8570<\/strong>, w tytule wpisuj\u0105c :<strong>\u201ewp\u0142ata na cele statutowe \u2013 ob\u00f3z zimowy Puck, imi\u0119 i nazwisko dziecka, rata \u2026.\u201d<\/strong><\/p>\t\t\t\t\t\t\t\t<\/div>\n\t\t\t\t<\/div>\n\t\t\t\t\t<\/div>\n\t\t<\/div>\n\t\t\t\t\t<\/div>\n\t\t<\/section>\n\t\t\t\t<\/div>\n\t\t","protected":false},"excerpt":{"rendered":"<p>OB\u00d3Z ZIMOWY PUCK 2026 18.01 &#8211; 24.01.2026 (7dni) dokumty do pobrania 1. UMOWA O US\u0141UGI ORGANIZACJI OBOZU SPORTOWEGO 2. KARTA KWALIFIKACYJNA UCZESTNIKA WYPOCZYNKU 3. REGULAMIN OBOZU ZIMOWEGO SWSiEMP ARKA Gdynia 4. O\u015aWIADCZENIE RODZICA o stanie zdrowia Zapraszamy na ob\u00f3z zimowy W ferie zimowe 2026 zabierzemy naszych m\u0142odych zawodnik\u00f3w na ob\u00f3z sportowy!Po raz drugi nasz\u0105 baz\u0105 &hellip; <\/p>\n<p class=\"link-more\"><a href=\"https:\/\/arka-swsiemp.pl\/index.php\/oboz-zimowy-puck-2026\/\" class=\"more-link\">Czytaj dalej<span class=\"screen-reader-text\"> \u201eOb\u00f3z zimowy PUCK 2026\u201d<\/span><\/a><\/p>\n","protected":false},"author":1,"featured_media":3497,"parent":0,"menu_order":0,"comment_status":"closed","ping_status":"closed","template":"elementor_header_footer","meta":{"footnotes":""},"class_list":["post-3478","page","type-page","status-publish","has-post-thumbnail","hentry"],"yoast_head":"<!-- This site is optimized with the Yoast SEO plugin v27.4 - https:\/\/yoast.com\/product\/yoast-seo-wordpress\/ -->\n<title>Ob\u00f3z zimowy PUCK 2026 | Arka Gdynia SWSiEMP<\/title>\n<meta name=\"description\" content=\"Zapraszamy wszystkich ch\u0119tnych na zimowy ob\u00f3z sportowy, kt\u00f3ry odb\u0119dzie si\u0119 w styczniu w Pucku. Zosta\u0142y ostatnie wolne miejsca\" \/>\n<meta name=\"robots\" content=\"index, follow, max-snippet:-1, max-image-preview:large, max-video-preview:-1\" \/>\n<link rel=\"canonical\" href=\"https:\/\/arka-swsiemp.pl\/index.php\/oboz-zimowy-puck-2026\/\" \/>\n<meta property=\"og:locale\" content=\"pl_PL\" \/>\n<meta property=\"og:type\" content=\"article\" \/>\n<meta property=\"og:title\" content=\"Ob\u00f3z zimowy PUCK 2026 | Arka Gdynia SWSiEMP\" \/>\n<meta property=\"og:description\" content=\"Zapraszamy wszystkich ch\u0119tnych na zimowy ob\u00f3z sportowy, kt\u00f3ry odb\u0119dzie si\u0119 w styczniu w Pucku. Zosta\u0142y ostatnie wolne miejsca\" \/>\n<meta property=\"og:url\" content=\"https:\/\/arka-swsiemp.pl\/index.php\/oboz-zimowy-puck-2026\/\" \/>\n<meta property=\"og:site_name\" content=\"Arka Gdynia SWSiEMP\" \/>\n<meta property=\"article:publisher\" content=\"https:\/\/www.facebook.com\/profile.php?id=100076234040257\" \/>\n<meta property=\"article:modified_time\" content=\"2025-11-11T19:08:42+00:00\" \/>\n<meta property=\"og:image\" content=\"https:\/\/arka-swsiemp.pl\/wp-content\/uploads\/2025\/09\/484364601_659014323316363_6191774282354079330_n-1.jpg\" \/>\n\t<meta property=\"og:image:width\" content=\"1600\" \/>\n\t<meta property=\"og:image:height\" content=\"1200\" \/>\n\t<meta property=\"og:image:type\" content=\"image\/jpeg\" \/>\n<meta name=\"twitter:card\" content=\"summary_large_image\" \/>\n<meta name=\"twitter:label1\" content=\"Szacowany czas czytania\" \/>\n\t<meta name=\"twitter:data1\" content=\"4 minuty\" \/>\n<script type=\"application\/ld+json\" class=\"yoast-schema-graph\">{\"@context\":\"https:\\\/\\\/schema.org\",\"@graph\":[{\"@type\":\"WebPage\",\"@id\":\"https:\\\/\\\/arka-swsiemp.pl\\\/index.php\\\/oboz-zimowy-puck-2026\\\/\",\"url\":\"https:\\\/\\\/arka-swsiemp.pl\\\/index.php\\\/oboz-zimowy-puck-2026\\\/\",\"name\":\"Ob\u00f3z zimowy PUCK 2026 | Arka Gdynia SWSiEMP\",\"isPartOf\":{\"@id\":\"https:\\\/\\\/arka-swsiemp.pl\\\/#website\"},\"primaryImageOfPage\":{\"@id\":\"https:\\\/\\\/arka-swsiemp.pl\\\/index.php\\\/oboz-zimowy-puck-2026\\\/#primaryimage\"},\"image\":{\"@id\":\"https:\\\/\\\/arka-swsiemp.pl\\\/index.php\\\/oboz-zimowy-puck-2026\\\/#primaryimage\"},\"thumbnailUrl\":\"https:\\\/\\\/arka-swsiemp.pl\\\/wp-content\\\/uploads\\\/2025\\\/09\\\/484364601_659014323316363_6191774282354079330_n-1.jpg\",\"datePublished\":\"2025-09-28T20:47:57+00:00\",\"dateModified\":\"2025-11-11T19:08:42+00:00\",\"description\":\"Zapraszamy wszystkich ch\u0119tnych na zimowy ob\u00f3z sportowy, kt\u00f3ry odb\u0119dzie si\u0119 w styczniu w Pucku. Zosta\u0142y ostatnie wolne miejsca\",\"breadcrumb\":{\"@id\":\"https:\\\/\\\/arka-swsiemp.pl\\\/index.php\\\/oboz-zimowy-puck-2026\\\/#breadcrumb\"},\"inLanguage\":\"pl-PL\",\"potentialAction\":[{\"@type\":\"ReadAction\",\"target\":[\"https:\\\/\\\/arka-swsiemp.pl\\\/index.php\\\/oboz-zimowy-puck-2026\\\/\"]}]},{\"@type\":\"ImageObject\",\"inLanguage\":\"pl-PL\",\"@id\":\"https:\\\/\\\/arka-swsiemp.pl\\\/index.php\\\/oboz-zimowy-puck-2026\\\/#primaryimage\",\"url\":\"https:\\\/\\\/arka-swsiemp.pl\\\/wp-content\\\/uploads\\\/2025\\\/09\\\/484364601_659014323316363_6191774282354079330_n-1.jpg\",\"contentUrl\":\"https:\\\/\\\/arka-swsiemp.pl\\\/wp-content\\\/uploads\\\/2025\\\/09\\\/484364601_659014323316363_6191774282354079330_n-1.jpg\",\"width\":1600,\"height\":1200},{\"@type\":\"BreadcrumbList\",\"@id\":\"https:\\\/\\\/arka-swsiemp.pl\\\/index.php\\\/oboz-zimowy-puck-2026\\\/#breadcrumb\",\"itemListElement\":[{\"@type\":\"ListItem\",\"position\":1,\"name\":\"Strona g\u0142\u00f3wna\",\"item\":\"https:\\\/\\\/arka-swsiemp.pl\\\/\"},{\"@type\":\"ListItem\",\"position\":2,\"name\":\"Ob\u00f3z zimowy PUCK 2026\"}]},{\"@type\":\"WebSite\",\"@id\":\"https:\\\/\\\/arka-swsiemp.pl\\\/#website\",\"url\":\"https:\\\/\\\/arka-swsiemp.pl\\\/\",\"name\":\"Arka Gdynia SWSiEMP\",\"description\":\"\",\"publisher\":{\"@id\":\"https:\\\/\\\/arka-swsiemp.pl\\\/#organization\"},\"potentialAction\":[{\"@type\":\"SearchAction\",\"target\":{\"@type\":\"EntryPoint\",\"urlTemplate\":\"https:\\\/\\\/arka-swsiemp.pl\\\/?s={search_term_string}\"},\"query-input\":{\"@type\":\"PropertyValueSpecification\",\"valueRequired\":true,\"valueName\":\"search_term_string\"}}],\"inLanguage\":\"pl-PL\"},{\"@type\":\"Organization\",\"@id\":\"https:\\\/\\\/arka-swsiemp.pl\\\/#organization\",\"name\":\"Arka Gdynia SWSiEMP\",\"url\":\"https:\\\/\\\/arka-swsiemp.pl\\\/\",\"logo\":{\"@type\":\"ImageObject\",\"inLanguage\":\"pl-PL\",\"@id\":\"https:\\\/\\\/arka-swsiemp.pl\\\/#\\\/schema\\\/logo\\\/image\\\/\",\"url\":\"https:\\\/\\\/arka-swsiemp.pl\\\/wp-content\\\/uploads\\\/2023\\\/07\\\/logo-swsiemp-w-png.png\",\"contentUrl\":\"https:\\\/\\\/arka-swsiemp.pl\\\/wp-content\\\/uploads\\\/2023\\\/07\\\/logo-swsiemp-w-png.png\",\"width\":1181,\"height\":1181,\"caption\":\"Arka Gdynia SWSiEMP\"},\"image\":{\"@id\":\"https:\\\/\\\/arka-swsiemp.pl\\\/#\\\/schema\\\/logo\\\/image\\\/\"},\"sameAs\":[\"https:\\\/\\\/www.facebook.com\\\/profile.php?id=100076234040257\",\"https:\\\/\\\/www.instagram.com\\\/swsiemp_arka_gdynia\\\/\"]}]}<\/script>\n<!-- \/ Yoast SEO plugin. -->","yoast_head_json":{"title":"Ob\u00f3z zimowy PUCK 2026 | Arka Gdynia SWSiEMP","description":"Zapraszamy wszystkich ch\u0119tnych na zimowy ob\u00f3z sportowy, kt\u00f3ry odb\u0119dzie si\u0119 w styczniu w Pucku. Zosta\u0142y ostatnie wolne miejsca","robots":{"index":"index","follow":"follow","max-snippet":"max-snippet:-1","max-image-preview":"max-image-preview:large","max-video-preview":"max-video-preview:-1"},"canonical":"https:\/\/arka-swsiemp.pl\/index.php\/oboz-zimowy-puck-2026\/","og_locale":"pl_PL","og_type":"article","og_title":"Ob\u00f3z zimowy PUCK 2026 | Arka Gdynia SWSiEMP","og_description":"Zapraszamy wszystkich ch\u0119tnych na zimowy ob\u00f3z sportowy, kt\u00f3ry odb\u0119dzie si\u0119 w styczniu w Pucku. Zosta\u0142y ostatnie wolne miejsca","og_url":"https:\/\/arka-swsiemp.pl\/index.php\/oboz-zimowy-puck-2026\/","og_site_name":"Arka Gdynia SWSiEMP","article_publisher":"https:\/\/www.facebook.com\/profile.php?id=100076234040257","article_modified_time":"2025-11-11T19:08:42+00:00","og_image":[{"width":1600,"height":1200,"url":"https:\/\/arka-swsiemp.pl\/wp-content\/uploads\/2025\/09\/484364601_659014323316363_6191774282354079330_n-1.jpg","type":"image\/jpeg"}],"twitter_card":"summary_large_image","twitter_misc":{"Szacowany czas czytania":"4 minuty"},"schema":{"@context":"https:\/\/schema.org","@graph":[{"@type":"WebPage","@id":"https:\/\/arka-swsiemp.pl\/index.php\/oboz-zimowy-puck-2026\/","url":"https:\/\/arka-swsiemp.pl\/index.php\/oboz-zimowy-puck-2026\/","name":"Ob\u00f3z zimowy PUCK 2026 | Arka Gdynia SWSiEMP","isPartOf":{"@id":"https:\/\/arka-swsiemp.pl\/#website"},"primaryImageOfPage":{"@id":"https:\/\/arka-swsiemp.pl\/index.php\/oboz-zimowy-puck-2026\/#primaryimage"},"image":{"@id":"https:\/\/arka-swsiemp.pl\/index.php\/oboz-zimowy-puck-2026\/#primaryimage"},"thumbnailUrl":"https:\/\/arka-swsiemp.pl\/wp-content\/uploads\/2025\/09\/484364601_659014323316363_6191774282354079330_n-1.jpg","datePublished":"2025-09-28T20:47:57+00:00","dateModified":"2025-11-11T19:08:42+00:00","description":"Zapraszamy wszystkich ch\u0119tnych na zimowy ob\u00f3z sportowy, kt\u00f3ry odb\u0119dzie si\u0119 w styczniu w Pucku. Zosta\u0142y ostatnie wolne miejsca","breadcrumb":{"@id":"https:\/\/arka-swsiemp.pl\/index.php\/oboz-zimowy-puck-2026\/#breadcrumb"},"inLanguage":"pl-PL","potentialAction":[{"@type":"ReadAction","target":["https:\/\/arka-swsiemp.pl\/index.php\/oboz-zimowy-puck-2026\/"]}]},{"@type":"ImageObject","inLanguage":"pl-PL","@id":"https:\/\/arka-swsiemp.pl\/index.php\/oboz-zimowy-puck-2026\/#primaryimage","url":"https:\/\/arka-swsiemp.pl\/wp-content\/uploads\/2025\/09\/484364601_659014323316363_6191774282354079330_n-1.jpg","contentUrl":"https:\/\/arka-swsiemp.pl\/wp-content\/uploads\/2025\/09\/484364601_659014323316363_6191774282354079330_n-1.jpg","width":1600,"height":1200},{"@type":"BreadcrumbList","@id":"https:\/\/arka-swsiemp.pl\/index.php\/oboz-zimowy-puck-2026\/#breadcrumb","itemListElement":[{"@type":"ListItem","position":1,"name":"Strona g\u0142\u00f3wna","item":"https:\/\/arka-swsiemp.pl\/"},{"@type":"ListItem","position":2,"name":"Ob\u00f3z zimowy PUCK 2026"}]},{"@type":"WebSite","@id":"https:\/\/arka-swsiemp.pl\/#website","url":"https:\/\/arka-swsiemp.pl\/","name":"Arka Gdynia SWSiEMP","description":"","publisher":{"@id":"https:\/\/arka-swsiemp.pl\/#organization"},"potentialAction":[{"@type":"SearchAction","target":{"@type":"EntryPoint","urlTemplate":"https:\/\/arka-swsiemp.pl\/?s={search_term_string}"},"query-input":{"@type":"PropertyValueSpecification","valueRequired":true,"valueName":"search_term_string"}}],"inLanguage":"pl-PL"},{"@type":"Organization","@id":"https:\/\/arka-swsiemp.pl\/#organization","name":"Arka Gdynia SWSiEMP","url":"https:\/\/arka-swsiemp.pl\/","logo":{"@type":"ImageObject","inLanguage":"pl-PL","@id":"https:\/\/arka-swsiemp.pl\/#\/schema\/logo\/image\/","url":"https:\/\/arka-swsiemp.pl\/wp-content\/uploads\/2023\/07\/logo-swsiemp-w-png.png","contentUrl":"https:\/\/arka-swsiemp.pl\/wp-content\/uploads\/2023\/07\/logo-swsiemp-w-png.png","width":1181,"height":1181,"caption":"Arka Gdynia SWSiEMP"},"image":{"@id":"https:\/\/arka-swsiemp.pl\/#\/schema\/logo\/image\/"},"sameAs":["https:\/\/www.facebook.com\/profile.php?id=100076234040257","https:\/\/www.instagram.com\/swsiemp_arka_gdynia\/"]}]}},"_links":{"self":[{"href":"https:\/\/arka-swsiemp.pl\/index.php\/wp-json\/wp\/v2\/pages\/3478","targetHints":{"allow":["GET"]}}],"collection":[{"href":"https:\/\/arka-swsiemp.pl\/index.php\/wp-json\/wp\/v2\/pages"}],"about":[{"href":"https:\/\/arka-swsiemp.pl\/index.php\/wp-json\/wp\/v2\/types\/page"}],"author":[{"embeddable":true,"href":"https:\/\/arka-swsiemp.pl\/index.php\/wp-json\/wp\/v2\/users\/1"}],"replies":[{"embeddable":true,"href":"https:\/\/arka-swsiemp.pl\/index.php\/wp-json\/wp\/v2\/comments?post=3478"}],"version-history":[{"count":14,"href":"https:\/\/arka-swsiemp.pl\/index.php\/wp-json\/wp\/v2\/pages\/3478\/revisions"}],"predecessor-version":[{"id":3501,"href":"https:\/\/arka-swsiemp.pl\/index.php\/wp-json\/wp\/v2\/pages\/3478\/revisions\/3501"}],"wp:featuredmedia":[{"embeddable":true,"href":"https:\/\/arka-swsiemp.pl\/index.php\/wp-json\/wp\/v2\/media\/3497"}],"wp:attachment":[{"href":"https:\/\/arka-swsiemp.pl\/index.php\/wp-json\/wp\/v2\/media?parent=3478"}],"curies":[{"name":"wp","href":"https:\/\/api.w.org\/{rel}","templated":true}]}}